{"id":243,"date":"2023-11-28T17:45:05","date_gmt":"2023-11-28T17:45:05","guid":{"rendered":"https:\/\/elcp.fr\/?page_id=243"},"modified":"2023-11-28T17:55:14","modified_gmt":"2023-11-28T17:55:14","slug":"tribune","status":"publish","type":"page","link":"https:\/\/elcp.fr\/index.php\/tribune\/","title":{"rendered":"Avec le changement climatique, le paludisme pourrait repartir \u00e0 la hausse en Afrique. Nous devons nous mobiliser"},"content":{"rendered":"\n<p style=\"font-size:27px\"><strong>Avec le changement climatique, le paludisme pourrait repartir \u00e0 la hausse en Afrique. Nous devons nous mobiliser<\/strong>.<\/p>\n\n\n\n<p><strong><u>SIGNATAIRES (par ordre alphab\u00e9tique de nom)<\/u><\/strong><\/p>\n\n\n\n<ul class=\"wp-block-list\">\n<li>Membres ELCP<\/li>\n<\/ul>\n\n\n\n<p>Nasteho ADEN,&nbsp;<em>Conseill\u00e8re Municipale et territoriale Stains&nbsp;<\/em><\/p>\n\n\n\n<p>Caroline ADOMO,&nbsp;<em>Conseill\u00e8re<\/em>&nbsp;<em>Municipale de Champigny-sur-Marne, Conseill\u00e8re territoriale Paris Est Marne et Bois<\/em><\/p>\n\n\n\n<p>Fina BATHILY,&nbsp;<em>Adjointe au Maire d\u00e9l\u00e9gu\u00e9e \u00e0 la jeunesse de Chanteloup les Vignes<\/em><\/p>\n\n\n\n<p>Jimmy BERTH\u00c9<em>, Adjoint au maire de Paris Centre,<\/em><strong><em>&nbsp;Membre du Conseil d\u2019Administration des ELCP<\/em><\/strong><\/p>\n\n\n\n<p>Dj\u00e9n\u00e9ba DIABY,&nbsp;<em>Maire-adjoint charg\u00e9e de la sant\u00e9, du handicap et de la pr\u00e9vention des risques sanitaires ville de Neuilly sur Marne, Conseill\u00e8re territoriale Grand Paris- Grand Est.<\/em><\/p>\n\n\n\n<p>Carlos Martens BILONGO,&nbsp;<em>D\u00e9put\u00e9 du Val d\u2019Oise<\/em><\/p>\n\n\n\n<p>Lamine CAMARA<em>, Maire-adjoint Grigny, conseiller r\u00e9gional Ile de France<\/em><\/p>\n\n\n\n<p>Mariam CISS\u00c9<em>, adjointe au maire de Clichy-sous-Bois, conseille territoriale Grand Paris Grand Est<\/em><\/p>\n\n\n\n<p>Mariam CISS\u00c9 DOUCOUR\u00c9<em>, Adjointe au maire de la ville de Villiers le bel et conseill\u00e8re communautaire, Roissy pays de France<\/em><\/p>\n\n\n\n<p>Aminata COULIBALY,&nbsp;<em>attach\u00e9e parlementaire<\/em><em>,&nbsp;<\/em><strong><em>Secr\u00e9taire des ELCP<\/em><\/strong><\/p>\n\n\n\n<p>Awa DIABY,<em>&nbsp;Adjointe \u00e0 la Maire de Paris 10e<\/em><\/p>\n\n\n\n<p>Hawa FOFANA,&nbsp;<em>Adjointe au Maire de Cergy, d\u00e9l\u00e9gu\u00e9e \u00e0 l&#8217;\u00c9galit\u00e9, aux Droits des Femmes et \u00e0 la lutte contre les discriminations. Conseill\u00e8re communautaire missionn\u00e9e \u00e0 l&#8217;\u00c9galit\u00e9 femme-homme.<\/em><\/p>\n\n\n\n<p>Aminata GOITA FOFANA,&nbsp;<em>Conseil\u00e8re municipale d\u00e9legu\u00e9e \u00e0 Alfortville,&nbsp;<\/em><strong><em>Vice-Pr\u00e9sidente des ELCP<\/em><\/strong><\/p>\n\n\n\n<p>Dawari HORSFALL<em>, Conseiller Municipal \u00e0 Massy ,&nbsp;<\/em><strong><em>Vice-Pr\u00e9sident des ELCP<\/em><\/strong><\/p>\n\n\n\n<p>Djeneba KEITA,&nbsp;<em>Vice-Pr\u00e9sidente de la M\u00e9tropole du Grand Paris, Adjointe au maire de Montreuil<\/em><\/p>\n\n\n\n<p>Fily KEITA-GASSAMA,&nbsp;<em>Conseill\u00e8re municipale Champigny-sur-Marne<\/em><\/p>\n\n\n\n<p>Jean Fran\u00e7ois MBAYE,&nbsp;<em>Ancien d\u00e9put\u00e9 du Val de Marne,&nbsp;<\/em><strong><em>Vice-Pr\u00e9sident des ELCP<\/em><\/strong><\/p>\n\n\n\n<p>Aminata NIAKATE<em>, Conseill\u00e8re de Paris<\/em><\/p>\n\n\n\n<p>Th\u00e9r\u00e8se NGIMBOUS BATJ\u00d4M<em>, Adjointe au maire, conseill\u00e8re communautaire \u00e0 la MGP,&nbsp;<\/em><strong><em>Tr\u00e9sori\u00e8re adjointe des ELCP<\/em><\/strong><\/p>\n\n\n\n<p>Ladji SAKHO,&nbsp;<em>Conseiller municipal \u00e0 la mairie de Paris 20\u00e8me, d\u00e9l\u00e9gu\u00e9 au Maire charg\u00e9 du lien avec les foyers des travailleurs migrants<\/em><\/p>\n\n\n\n<p>Bamadi SANOKHO<em>, ancien maire-adjoint \u00e0 Gentilly,&nbsp;<\/em><strong><em>Tr\u00e9sorier des ELCP<\/em><\/strong><\/p>\n\n\n\n<p>Louis Mohamed SEYE,&nbsp;<em>Adjoint au Maire de Fontenay-sous-Bois d\u00e9l\u00e9gu\u00e9 \u00e0 la Politique de la Ville<\/em><\/p>\n\n\n\n<p>Dieynaba SY,&nbsp;<em>Conseill\u00e8re municipale \u00e0 Noisy-le-Sec,&nbsp;<\/em><strong><em>Membre du Conseil d\u2019administration des ELCP<\/em><\/strong><\/p>\n\n\n\n<p>Mams YAFFA,&nbsp;<em>Adjoint au maire paris 18,&nbsp;<\/em><strong><em>Pr\u00e9sident des ELCP<\/em><\/strong><\/p>\n\n\n\n<ul class=\"wp-block-list\">\n<li>Soutiens&nbsp;<\/li>\n<\/ul>\n\n\n\n<p>Madioula A\u00cfDARA DIABY<em>, Adjointe au Maire l\u2019Ile-Saint-Denis&nbsp;<\/em><\/p>\n\n\n\n<p>Anita ANKANKA,<em>&nbsp;Conseill\u00e8re Municipale, Neuilly-sur-Marne<\/em><\/p>\n\n\n\n<p>Jo\u00ebl AVIRAGNET,&nbsp;<em>D\u00e9put\u00e9 Haute-Garonne<\/em><\/p>\n\n\n\n<p>Amina BACAR,&nbsp;<em>Conseill\u00e8re municipale de la ville d\u2019Avon<\/em><\/p>\n\n\n\n<p>Sabrina BENAISSA,<em>&nbsp;Conseill\u00e8re municipale de Gonesse<\/em><\/p>\n\n\n\n<p>Zakaria BENHAMRA,<em>&nbsp;Adjoint au maire charg\u00e9 de la politique de la ville, Noisy-le-Sec<\/em><\/p>\n\n\n\n<p>Fanny B\u00c9NARD,&nbsp;<em>Maire adjointe &#8211; Mairie du 18\u00e8me Paris&nbsp;<\/em><\/p>\n\n\n\n<p>Habiba BIGDADE,&nbsp;<em>Ancienne adjointe au maire de Nanterre<\/em><\/p>\n\n\n\n<p>Florent BOUDIE,&nbsp;<em>D\u00e9put\u00e9 de la Gironde, Pr\u00e9sident du groupe d\u2019amiti\u00e9 France-S\u00e9n\u00e9gal<\/em><\/p>\n\n\n\n<p>Philippe BOURIACHI,&nbsp;<em>Conseiller Municipal d&#8217;Orly Val-de-Marne, Conseiller R\u00e9gional d&#8217;\u00eele de France<\/em><\/p>\n\n\n\n<p>Anne-Claire BOUX,&nbsp;<em>Adjointe \u00e0 la Mairie de Paris<\/em><\/p>\n\n\n\n<p>Lionel BRIERE<em>, Conseiller municipal d\u00e9l\u00e9gu\u00e9 aux sports de haut niveau Massy<\/em><\/p>\n\n\n\n<p>Fatoumata Bintou CAMARA,<em>&nbsp;Adjointe au maire de Noisy-le-Sec<\/em><\/p>\n\n\n\n<p>Amadou CISS\u00c9,&nbsp;<em>Maire adjoint \u00e0 la ville de Tremblay<\/em><\/p>\n\n\n\n<p>Kadiatou COULIBALY,&nbsp;<em>\u00c9lue municipale Paris 18eme<\/em><\/p>\n\n\n\n<p>Leila DAGDAD,<em>&nbsp;Conseill\u00e8re Municipale Beauvais<\/em><\/p>\n\n\n\n<p>Nadia DIOP,<em>&nbsp;Adjointe au Maire, \u00e0 Le M\u00e9e sur Seine&nbsp;<\/em><\/p>\n\n\n\n<p>Ramata DIOP,<em>&nbsp;Adjointe au Maire de Gonesse<\/em><\/p>\n\n\n\n<p>Mama DOUCOURE,&nbsp;<em>Conseill\u00e8re municipale d\u00e9l\u00e9gu\u00e9e aux droits des femmes et lutte contre les discriminations, Montreuil<\/em><\/p>\n\n\n\n<p>Chantal DROZDZ<em>, Adjointe au maire de la ville de Cournon d&#8217;Auvergne<\/em><\/p>\n\n\n\n<p>Lahoucin EL BATAH,<em>&nbsp;Conseiller d\u00e9l\u00e9gu\u00e9 contre le logement insalubre, Noisy-le-Sec<\/em><\/p>\n\n\n\n<p>Driss ETTAZAOUI,<em>&nbsp;Conseiller municipal Evreux, Vice-Pr\u00e9sident Evreux Portes de Normandie, Vice Pr\u00e9sident de l\u2019association des maires Villes et Banlieues, Pr\u00e9sident de l\u2019association des \u00c9lus de France<\/em><\/p>\n\n\n\n<p>Christine FAURE,&nbsp;<em>Conseill\u00e8re Municipale Cournon d&#8217;Auvergne, Conseill\u00e8re m\u00e9tropolitaine Clermont Auvergne M\u00e9tropole<\/em><\/p>\n\n\n\n<p>Kheira FREIH BENGABOU,<em>&nbsp;Adjointe au maire en charge de la sant\u00e9 \u00e0 Ivry-sur-Seine<\/em><\/p>\n\n\n\n<p>Jean-Jacques GAULTIER,<em>&nbsp;D\u00e9put\u00e9 des Vosges<\/em><\/p>\n\n\n\n<p>Guillaume GOUFFIER-VALENTE,&nbsp;<em>D\u00e9put\u00e9 du Val-de-Marne<\/em><\/p>\n\n\n\n<p>Daouda GUEYE,&nbsp;<em>Conseiller municipal de Palaiseau<\/em><\/p>\n\n\n\n<p>Amadou KA,&nbsp;<em>Conseiller municipal de Creil<\/em><\/p>\n\n\n\n<p>Rudy KAZI MATSIKA,&nbsp;<em>Conseiller Municipal \u00e0 Saint-Germain-l\u00e8s-Arpajon<\/em><\/p>\n\n\n\n<p>Bernard KOSSOKO,<em>&nbsp;Adjoint commerce d\u00e9veloppement \u00e9conomique, Mantes-la-ville<\/em><\/p>\n\n\n\n<p>Marc LE FUR,&nbsp;<em>D\u00e9put\u00e9 des C\u00f4tes-d\u2019Armor<\/em><\/p>\n\n\n\n<p>Brigitte LISO,&nbsp;<em>D\u00e9put\u00e9e du Nord, Pr\u00e9sidente du Groupe d&#8217;\u00e9tude sur le VIH\/SIDA de l&#8217;Assembl\u00e9e Nationale<\/em><\/p>\n\n\n\n<p>Siga MAGASSA,<em>&nbsp;Conseill\u00e8re Municipale D\u00e9l\u00e9gu\u00e9e aux Politiques Culturelles, Bonneuil-sur-Marne<\/em><\/p>\n\n\n\n<p>Khallouk MANAL,<em>&nbsp;\u00c9lue adjointe au maire, Paris 18eme<\/em><\/p>\n\n\n\n<p>Fatima MASSAU,&nbsp;<em>Conseill\u00e8re municipale Le Plessis-Belleville, Conseill\u00e8re r\u00e9gionale Hauts-de-France&nbsp;<\/em><\/p>\n\n\n\n<p>Akli MELLOULI<em>, Maire-adjoint de Bonneuil sur Marne, conseiller territorial<\/em><\/p>\n\n\n\n<p>Ludovic MENDES,&nbsp;<em>D\u00e9put\u00e9 de Moselle<\/em><\/p>\n\n\n\n<p>Halima MENHOUDJ<em>, Adjointe au Maire de Montreuil en charge de la Coop\u00e9ration d\u00e9centralis\u00e9e, de la solidarit\u00e9 internationale, et des populations migrantes.&nbsp;<\/em><\/p>\n\n\n\n<p>Chakir MERABET,<em>Conseiller municipal de Cournon d\u2019Auvergne<\/em><\/p>\n\n\n\n<p>Driss NAICH<em>, Adjoint au maire au d\u00e9veloppement du commerce et \u00e0 l\u2019artisanat, Saint Ouen<\/em><\/p>\n\n\n\n<p>Arnaud NGATCHA,<em>&nbsp;Adjoint \u00e0 la Maire de Paris en charge des relations internationales et de la francophonie<\/em><\/p>\n\n\n\n<p>Dean NGUYEN,&nbsp;<em>\u00c9lu municipal de Garges<\/em><\/p>\n\n\n\n<p>Fabrice NGALIEMA,&nbsp;<em>Conseiller municipal Boissy-Saint-L\u00e9ger<\/em><\/p>\n\n\n\n<p>Dani\u00e8le OBONO,&nbsp;<em>D\u00e9put\u00e9e de Paris<\/em><\/p>\n\n\n\n<p>Benoit Joseph ONAMBELE,&nbsp;<em>Conseiller municipal d\u2019Arcueil&nbsp;<\/em><\/p>\n\n\n\n<p>Kouider OUKBI,&nbsp;<em>Conseiller Municipal ville de Grigny<\/em><\/p>\n\n\n\n<p>Mich\u00e8le PEYRON,&nbsp;<em>D\u00e9put\u00e9e de Seine-et-Marne&nbsp;<\/em><\/p>\n\n\n\n<p>Jean-Luc ROMERO-MICHEL,&nbsp;<em>Adjoint \u00e0 la Maire de Paris, Pr\u00e9sident des Elus Locaux Contre le Sida<\/em><\/p>\n\n\n\n<p>Sanaa SAITOULI,<em>Candidate aux l\u00e9gislatives pour le Mouvement citoyen CergyDemain<\/em><\/p>\n\n\n\n<p>Mehdi &#8211; Bilal SALEMKOUR, Conseiller Municipal D\u00e9l\u00e9gu\u00e9 \u200b\u00e0 l&#8217;Emploi, la Formation, l&#8217;Insertion Professionnelle, aux Sports et Jeux Olympiques \/ Paralympiques de 2024 \u00e0 la Ville du Pr\u00e9 Saint Gervais<\/p>\n\n\n\n<p>Chantal SAMAMA<em>, Conseill\u00e8re Municipale et Communautaire de Bondoufle<\/em><\/p>\n\n\n\n<p>Sabrina SEBAIHI,<em>&nbsp;D\u00e9put\u00e9e des Hauts-de-Seine&nbsp;<\/em><\/p>\n\n\n\n<p>Na\u00efma SELLAM,&nbsp;<em>Conseill\u00e8re municipale et Conseill\u00e8re territoriale Boucle Nord de Seine<\/em><\/p>\n\n\n\n<p>Fodi\u00e9 SIDIB\u00c9,<em>&nbsp;Adjoint au maire de Stains<\/em><\/p>\n\n\n\n<p>Naima SIFER,&nbsp;<em>Maire-adjointe Angerville<\/em><\/p>\n\n\n\n<p>Anzoumane SISSOKO,&nbsp;<em>Adjoint au maire du 18\u00e8me en charges de la solidarit\u00e9 internationale et des parcours d&#8217;accueil<\/em><\/p>\n\n\n\n<p>\u200b\u200bBakary SOUKOUNA,&nbsp;<em>Conseiller Municipal \u00e0 Saint-Denis<\/em><\/p>\n\n\n\n<p>Maimouna SOUMARE,&nbsp;<em>Adjointe au maire charg\u00e9e de la coop\u00e9ration internationale \u00e0 Mantes-la-Ville<\/em><\/p>\n\n\n\n<p>Anne SOUYRIS,<em>&nbsp;Adjointe \u00e0 la sant\u00e9 de Paris<\/em><\/p>\n\n\n\n<p>Na\u00efga STEFEL,<em>&nbsp;Conseill\u00e8re d\u00e9partementale du Val-de-Marne, Secr\u00e9taire r\u00e9gionale Ile-de-France EELV<\/em><\/p>\n\n\n\n<p>Moustapha THIAM<em>, Maire-adjoint Choisy-le-Roi<\/em><\/p>\n\n\n\n<p>Val\u00e9rie THOMAS,<em>&nbsp;ancienne d\u00e9put\u00e9e, ancienne vice-pr\u00e9sidente du groupe d&#8217;\u00e9tude sant\u00e9 mondiale de l&#8217;Assembl\u00e9e Nationale<\/em><\/p>\n\n\n\n<p>Samba TRAORE<em>, Maire adjoint Bondy<\/em><\/p>\n\n\n\n<p>Nadi\u00e8ge VALOISE,&nbsp;<em>Adjointe au Maire de Gonesse<\/em><\/p>\n","protected":false},"excerpt":{"rendered":"<p>Avec le changement climatique, le paludisme pourrait repartir \u00e0 la hausse en Afrique. Nous devons nous mobiliser. SIGNATAIRES (par ordre alphab\u00e9tique de nom) Nasteho ADEN,&nbsp;Conseill\u00e8re Municipale et territoriale Stains&nbsp; Caroline ADOMO,&nbsp;Conseill\u00e8re&nbsp;Municipale de Champigny-sur-Marne, Conseill\u00e8re territoriale Paris Est Marne et Bois Fina BATHILY,&nbsp;Adjointe au Maire d\u00e9l\u00e9gu\u00e9e \u00e0 la jeunesse de Chanteloup les Vignes Jimmy BERTH\u00c9, Adjoint &hellip; <\/p>\n<p class=\"link-more\"><a href=\"https:\/\/elcp.fr\/index.php\/tribune\/\" class=\"more-link\">Read more<span class=\"screen-reader-text\"> &#8220;Avec le changement climatique, le paludisme pourrait repartir \u00e0 la hausse en Afrique. Nous devons nous mobiliser&#8221;<\/span><\/a><\/p>\n","protected":false},"author":2,"featured_media":0,"parent":0,"menu_order":0,"comment_status":"closed","ping_status":"closed","template":"","meta":{"footnotes":""},"class_list":["post-243","page","type-page","status-publish","hentry"],"_links":{"self":[{"href":"https:\/\/elcp.fr\/index.php\/wp-json\/wp\/v2\/pages\/243","targetHints":{"allow":["GET"]}}],"collection":[{"href":"https:\/\/elcp.fr\/index.php\/wp-json\/wp\/v2\/pages"}],"about":[{"href":"https:\/\/elcp.fr\/index.php\/wp-json\/wp\/v2\/types\/page"}],"author":[{"embeddable":true,"href":"https:\/\/elcp.fr\/index.php\/wp-json\/wp\/v2\/users\/2"}],"replies":[{"embeddable":true,"href":"https:\/\/elcp.fr\/index.php\/wp-json\/wp\/v2\/comments?post=243"}],"version-history":[{"count":3,"href":"https:\/\/elcp.fr\/index.php\/wp-json\/wp\/v2\/pages\/243\/revisions"}],"predecessor-version":[{"id":247,"href":"https:\/\/elcp.fr\/index.php\/wp-json\/wp\/v2\/pages\/243\/revisions\/247"}],"wp:attachment":[{"href":"https:\/\/elcp.fr\/index.php\/wp-json\/wp\/v2\/media?parent=243"}],"curies":[{"name":"wp","href":"https:\/\/api.w.org\/{rel}","templated":true}]}}